{"id":330,"date":"2016-02-29T13:10:37","date_gmt":"2016-02-29T13:10:37","guid":{"rendered":"http:\/\/test.kriesi.at\/travel\/?page_id=2"},"modified":"2025-07-16T08:35:45","modified_gmt":"2025-07-16T08:35:45","slug":"homepage","status":"publish","type":"page","link":"https:\/\/www.sperlongaturismo.it\/it\/","title":{"rendered":"HomePage"},"content":{"rendered":"<div id='av-layout-grid-1'  class='av-layout-grid-container entry-content-wrapper main_color av-flex-cells     avia-builder-el-0  el_before_av_layout_row  avia-builder-el-first  container_wrap sidebar_right' style=' '  >\n<div class=\"flex_cell no_margin av_one_third  avia-builder-el-1  el_before_av_cell_one_third  avia-builder-el-first   av-zero-padding \"  style='background: #0085ae; vertical-align:top; padding:0px; background-color:#0085ae; ' ><div class='flex_cell_inner' ><p><div  class='avia-image-container avia_animated_image avia_animate_when_almost_visible pop-up av-styling- av-hover-grow av-hide-overflow   avia-builder-el-2  el_before_av_button  avia-builder-el-first  avia-align-center '  itemprop=\"image\" itemscope=\"itemscope\" itemtype=\"https:\/\/schema.org\/ImageObject\"  ><div class='avia-image-container-inner'><div class='avia-image-overlay-wrap'><img decoding=\"async\" class='wp-image-2518 avia-img-lazy-loading-not-2518 avia_image' src=\"https:\/\/www.sperlongaturismo.it\/wp-content\/uploads\/2020\/08\/3.jpg\" alt='' title='Sperlonga Live' height=\"700\" width=\"1024\"  itemprop=\"thumbnailUrl\" srcset=\"https:\/\/www.sperlongaturismo.it\/wp-content\/uploads\/2020\/08\/3.jpg 1024w, https:\/\/www.sperlongaturismo.it\/wp-content\/uploads\/2020\/08\/3-300x205.jpg 300w, https:\/\/www.sperlongaturismo.it\/wp-content\/uploads\/2020\/08\/3-768x525.jpg 768w, https:\/\/www.sperlongaturismo.it\/wp-content\/uploads\/2020\/08\/3-705x482.jpg 705w, https:\/\/www.sperlongaturismo.it\/wp-content\/uploads\/2020\/08\/3-600x410.jpg 600w\" sizes=\"(max-width: 1024px) 100vw, 1024px\" \/><\/div><\/div><\/div><br \/>\n<div  class='avia-button-wrap avia-button-center  avia-builder-el-3  el_after_av_image  avia-builder-el-last ' ><a href='https:\/\/www.sperlongaturismo.it\/it\/sperlonga-live\/'  class='avia-button av-icon-on-hover avia-color-light   avia-icon_select-yes-right-icon avia-size-large avia-position-center '   ><span class='avia_iconbox_title' >SPERLONGA LIVE<\/span><span class='avia_button_icon avia_button_icon_right' aria-hidden='true' data-av_icon='\ue879' data-av_iconfont='entypo-fontello'><\/span><\/a><\/div><\/p>\n<\/div><\/div><div class=\"flex_cell no_margin av_one_third  avia-builder-el-4  el_after_av_cell_one_third  el_before_av_cell_one_third   av-zero-padding \"  style='background: #0093c0; vertical-align:top; padding:0px; background-color:#0093c0; ' ><div class='flex_cell_inner' ><p><div  class='avia-image-container avia_animated_image avia_animate_when_almost_visible pop-up av-styling- av-hover-grow av-hide-overflow   avia-builder-el-5  el_before_av_button  avia-builder-el-first  avia-align-center '  itemprop=\"image\" itemscope=\"itemscope\" itemtype=\"https:\/\/schema.org\/ImageObject\"  ><div class='avia-image-container-inner'><div class='avia-image-overlay-wrap'><img decoding=\"async\" class='wp-image-2512 avia-img-lazy-loading-not-2512 avia_image' src=\"https:\/\/www.sperlongaturismo.it\/wp-content\/uploads\/2020\/08\/1.jpg\" alt='' title='Cose da fare' height=\"700\" width=\"1024\"  itemprop=\"thumbnailUrl\" srcset=\"https:\/\/www.sperlongaturismo.it\/wp-content\/uploads\/2020\/08\/1.jpg 1024w, https:\/\/www.sperlongaturismo.it\/wp-content\/uploads\/2020\/08\/1-300x205.jpg 300w, https:\/\/www.sperlongaturismo.it\/wp-content\/uploads\/2020\/08\/1-768x525.jpg 768w, https:\/\/www.sperlongaturismo.it\/wp-content\/uploads\/2020\/08\/1-705x482.jpg 705w, https:\/\/www.sperlongaturismo.it\/wp-content\/uploads\/2020\/08\/1-600x410.jpg 600w\" sizes=\"(max-width: 1024px) 100vw, 1024px\" \/><\/div><\/div><\/div><br \/>\n<div  class='avia-button-wrap avia-button-center  avia-builder-el-6  el_after_av_image  avia-builder-el-last ' ><a href='https:\/\/www.sperlongaturismo.it\/it\/sperlonga\/'  class='avia-button av-icon-on-hover avia-color-light   avia-icon_select-yes-right-icon avia-size-large avia-position-center '   ><span class='avia_iconbox_title' >SPERLONGA<\/span><span class='avia_button_icon avia_button_icon_right' aria-hidden='true' data-av_icon='\ue879' data-av_iconfont='entypo-fontello'><\/span><\/a><\/div><\/p>\n<\/div><\/div><div class=\"flex_cell no_margin av_one_third  avia-builder-el-7  el_after_av_cell_one_third  avia-builder-el-last   av-zero-padding \"  style='background: #009fd0; vertical-align:top; padding:0px; background-color:#009fd0; ' ><div class='flex_cell_inner' ><p><div  class='avia-image-container avia_animated_image avia_animate_when_almost_visible pop-up av-styling- av-hover-grow av-hide-overflow   avia-builder-el-8  el_before_av_button  avia-builder-el-first  avia-align-center '  itemprop=\"image\" itemscope=\"itemscope\" itemtype=\"https:\/\/schema.org\/ImageObject\"  ><div class='avia-image-container-inner'><div class='avia-image-overlay-wrap'><img decoding=\"async\" class='wp-image-2515 avia-img-lazy-loading-not-2515 avia_image' src=\"https:\/\/www.sperlongaturismo.it\/wp-content\/uploads\/2020\/08\/2.jpg\" alt='' title='News' height=\"700\" width=\"1024\"  itemprop=\"thumbnailUrl\" srcset=\"https:\/\/www.sperlongaturismo.it\/wp-content\/uploads\/2020\/08\/2.jpg 1024w, https:\/\/www.sperlongaturismo.it\/wp-content\/uploads\/2020\/08\/2-300x205.jpg 300w, https:\/\/www.sperlongaturismo.it\/wp-content\/uploads\/2020\/08\/2-768x525.jpg 768w, https:\/\/www.sperlongaturismo.it\/wp-content\/uploads\/2020\/08\/2-705x482.jpg 705w, https:\/\/www.sperlongaturismo.it\/wp-content\/uploads\/2020\/08\/2-600x410.jpg 600w\" sizes=\"(max-width: 1024px) 100vw, 1024px\" \/><\/div><\/div><\/div><br \/>\n<div  class='avia-button-wrap avia-button-center  avia-builder-el-9  el_after_av_image  avia-builder-el-last ' ><a href='https:\/\/www.sperlongaturismo.it\/it\/news-ed-eventi\/'  class='avia-button av-icon-on-hover avia-color-light   avia-icon_select-yes-right-icon avia-size-large avia-position-center '   ><span class='avia_iconbox_title' >NEWS EVENTI<\/span><span class='avia_button_icon avia_button_icon_right' aria-hidden='true' data-av_icon='\ue879' data-av_iconfont='entypo-fontello'><\/span><\/a><\/div><\/p>\n<\/div><\/div>\n<\/div>\n<div id='av-layout-grid-2'  class='av-layout-grid-container entry-content-wrapper main_color av-flex-cells     avia-builder-el-10  el_after_av_layout_row  el_before_av_section  submenu-not-first container_wrap sidebar_right' style=' '  >\n<div class=\"flex_cell no_margin av_one_third  avia-builder-el-11  el_before_av_cell_one_third  avia-builder-el-first   avia-full-stretch \"  style='vertical-align:top; padding:60px 50px 60px 50px ; background-color:#0085ae; ' ><div class='flex_cell_inner' ><article  class=\"iconbox iconbox_left_content    avia-builder-el-12  avia-builder-el-no-sibling  \"  itemscope=\"itemscope\" itemtype=\"https:\/\/schema.org\/CreativeWork\" ><a href='https:\/\/www.sperlongaturismo.it\/it\/contatti\/' title='Supporto Turistico'  class=\"iconbox_icon heading-color\" aria-hidden='true' data-av_icon='\ue854' data-av_iconfont='entypo-fontello'  style='color:#ffffff; ' ><\/a><div class=\"iconbox_content\"><header class=\"entry-content-header\"><h3 class='iconbox_content_title  '  itemprop=\"headline\"   style='color:#ffffff; '><a href='https:\/\/www.sperlongaturismo.it\/it\/contatti\/' title='Supporto Turistico' >Supporto Turistico<\/a><\/h3><\/header><div class='iconbox_content_container av_inherit_color '  itemprop=\"text\"   style='color:#ffffff; '><p>Con 1 info point in citt\u00e0 siamo sempre pronti ad aiutarti!<\/p>\n<\/div><\/div><footer class=\"entry-footer\"><\/footer><\/article>\n<\/div><\/div><div class=\"flex_cell no_margin av_one_third  avia-builder-el-13  el_after_av_cell_one_third  el_before_av_cell_one_third   avia-full-stretch \"  style='vertical-align:top; padding:60px 50px 60px 50px ; background-color:#0093c0; ' ><div class='flex_cell_inner' ><article  class=\"iconbox iconbox_left_content    avia-builder-el-14  avia-builder-el-no-sibling  \"  itemscope=\"itemscope\" itemtype=\"https:\/\/schema.org\/CreativeWork\" ><div class=\"iconbox_icon heading-color\" aria-hidden='true' data-av_icon='\ue843' data-av_iconfont='entypo-fontello'  style='color:#ffffff; ' ><\/div><div class=\"iconbox_content\"><header class=\"entry-content-header\"><h3 class='iconbox_content_title  '  itemprop=\"headline\"   style='color:#ffffff; '>100+ Attivit\u00e0<\/h3><\/header><div class='iconbox_content_container av_inherit_color '  itemprop=\"text\"   style='color:#ffffff; '><p>Una ricca gamma di iscritti alla nostra rete<\/p>\n<\/div><\/div><footer class=\"entry-footer\"><\/footer><\/article>\n<\/div><\/div><div class=\"flex_cell no_margin av_one_third  avia-builder-el-15  el_after_av_cell_one_third  avia-builder-el-last   avia-full-stretch \"  style='vertical-align:top; padding:60px 50px 60px 50px ; background-color:#009fd0; ' ><div class='flex_cell_inner' ><article  class=\"iconbox iconbox_left_content    avia-builder-el-16  avia-builder-el-no-sibling  \"  itemscope=\"itemscope\" itemtype=\"https:\/\/schema.org\/CreativeWork\" ><a href='https:\/\/www.sperlongaturismo.it\/it\/category\/eventi\/' title='Una miriade di eventi ogni anno'  class=\"iconbox_icon heading-color\" aria-hidden='true' data-av_icon='\ue8d2' data-av_iconfont='entypo-fontello'  style='color:#ffffff; ' ><\/a><div class=\"iconbox_content\"><header class=\"entry-content-header\"><h3 class='iconbox_content_title  '  itemprop=\"headline\"   style='color:#ffffff; '><a href='https:\/\/www.sperlongaturismo.it\/it\/category\/eventi\/' title='Una miriade di eventi ogni anno' >Una miriade di eventi ogni anno<\/a><\/h3><\/header><div class='iconbox_content_container av_inherit_color '  itemprop=\"text\"   style='color:#ffffff; '><p>Scopri le date degli eventi e della manifestazioni!<\/p>\n<\/div><\/div><footer class=\"entry-footer\"><\/footer><\/article>\n<\/div><\/div>\n<\/div>\n<div id='av_section_1'  class='avia-section main_color avia-section-huge avia-no-border-styling  avia-bg-style-scroll  avia-builder-el-17  el_after_av_layout_row  el_before_av_slideshow_full   container_wrap sidebar_right' style='background-color: #fcfcfc;  '  ><div class='container' ><div class='template-page content  av-content-small alpha units'><div class='post-entry post-entry-type-page post-entry-330'><div class='entry-content-wrapper clearfix'>\n<div  style='padding-bottom:20px; ' class='av-special-heading av-special-heading-h1  blockquote modern-quote modern-centered  avia-builder-el-18  el_before_av_textblock  avia-builder-el-first  '><div class ='av-subheading av-subheading_above  ' style='font-size:15px;'><p>Indeciso se venire a trovarci?<\/p>\n<\/div><h1 class='av-special-heading-tag '  itemprop=\"headline\"  >Guarda Sperlonga in Tempo Reale!<\/h1><div class='special-heading-border'><div class='special-heading-inner-border' ><\/div><\/div><\/div>\n<section class=\"av_textblock_section \"  itemscope=\"itemscope\" itemtype=\"https:\/\/schema.org\/CreativeWork\" ><div class='avia_textblock  '   itemprop=\"text\" ><p style=\"text-align: center;\">Vuoi vedere cosa sta succedendo a Sperlonga in questo momento? Guarda le tante\u00a0<strong>webcam in tempo reale<\/strong>\u00a0installate nei punti principali della citt\u00e0!<\/p>\n<\/div><\/section>\n<div  class='avia-button-wrap avia-button-center  avia-builder-el-20  el_after_av_textblock  avia-builder-el-last ' ><a href='https:\/\/www.sperlongaturismo.it\/it\/sperlonga-live\/'  class='avia-button av-icon-on-hover avia-color-theme-color   avia-icon_select-yes-right-icon avia-size-large avia-position-center '   ><span class='avia_iconbox_title' >Vai su Sperlonga Live<\/span><span class='avia_button_icon avia_button_icon_right' aria-hidden='true' data-av_icon='\ue879' data-av_iconfont='entypo-fontello'><\/span><\/a><\/div>\n\n<\/div><\/div><\/div><!-- close content main div --><\/div><\/div><div id='full_slider_1'  class='avia-fullwidth-slider main_color avia-shadow   avia-builder-el-21  el_after_av_section  el_before_av_one_full   slider-not-first container_wrap sidebar_right' style=' '  ><div   data-size='featured'  data-lightbox_size='large'  data-animation='slide'  data-conditional_play=''  data-ids='3813'  data-video_counter='0'  data-autoplay='false'  data-bg_slider='false'  data-slide_height=''  data-handle='av_slideshow_full'  data-interval='5'  data-class=' '  data-el_id=''  data-css_id=''  data-scroll_down=''  data-control_layout='av-control-default'  data-custom_markup=''  data-perma_caption=''  data-autoplay_stopper=''  data-image_attachment=''  data-min_height='0px'  data-lazy_loading='disabled'  data-src=''  data-position='top left'  data-repeat='no-repeat'  data-attach='scroll'  data-stretch=''  data-default-height='28.666666666667'  class='avia-slideshow avia-slideshow-1  av-control-default av-default-height-applied avia-slideshow-featured av_slideshow_full   avia-slide-slider '  itemprop=\"image\" itemscope=\"itemscope\" itemtype=\"https:\/\/schema.org\/ImageObject\" ><ul class='avia-slideshow-inner ' style='padding-bottom: 26.666666666667%;' ><li  class=' av-single-slide slide-1 ' ><div data-rel='slideshow-1' class='avia-slide-wrap '   ><div class = \"caption_fullwidth av-slideshow-caption caption_center caption_center_framed caption_framed\"><div class = \"container caption_container\"><div class = \"slideshow_caption\"><div class = \"slideshow_inner_caption\"><div class = \"slideshow_align_caption\"><h2  style='font-size:40px; ' class='avia-caption-title  '  itemprop=\"name\" >Sperlonga Tour<\/h2><div class='avia-caption-content  av_inherit_color'  itemprop=\"description\"   style='font-size:15px; '><p>Scopri i Tour Organizzati!<\/p>\n<\/div><\/div><\/div><\/div><\/div><\/div><img decoding=\"async\" class=\"wp-image-3813 avia-img-lazy-loading-not-3813\"  src=\"https:\/\/www.sperlongaturismo.it\/wp-content\/uploads\/2021\/04\/Sperlonga-live-tour_2.jpg\" width=\"1500\" height=\"400\" title='Sperlonga-live-tour_2' alt=''  itemprop=\"thumbnailUrl\" srcset=\"https:\/\/www.sperlongaturismo.it\/wp-content\/uploads\/2021\/04\/Sperlonga-live-tour_2.jpg 1500w, https:\/\/www.sperlongaturismo.it\/wp-content\/uploads\/2021\/04\/Sperlonga-live-tour_2-300x80.jpg 300w, https:\/\/www.sperlongaturismo.it\/wp-content\/uploads\/2021\/04\/Sperlonga-live-tour_2-1030x275.jpg 1030w, https:\/\/www.sperlongaturismo.it\/wp-content\/uploads\/2021\/04\/Sperlonga-live-tour_2-768x205.jpg 768w, https:\/\/www.sperlongaturismo.it\/wp-content\/uploads\/2021\/04\/Sperlonga-live-tour_2-705x188.jpg 705w, https:\/\/www.sperlongaturismo.it\/wp-content\/uploads\/2021\/04\/Sperlonga-live-tour_2-600x160.jpg 600w\" sizes=\"(max-width: 1500px) 100vw, 1500px\" \/><\/div><\/li><\/ul><\/div><\/div><div id='after_full_slider_1'  class='main_color av_default_container_wrap container_wrap sidebar_right' style=' '  ><div class='container' ><div class='template-page content  av-content-small alpha units'><div class='post-entry post-entry-type-page post-entry-330'><div class='entry-content-wrapper clearfix'>\n<div class=\"flex_column av_one_full  flex_column_div first  avia-builder-el-22  el_after_av_slideshow_full  el_before_av_section  avia-builder-el-no-sibling  \" style='padding:30px; border-radius:0px; '><section class=\"av_textblock_section \"  itemscope=\"itemscope\" itemtype=\"https:\/\/schema.org\/CreativeWork\" ><div class='avia_textblock  '   itemprop=\"text\" ><h3 style=\"text-align: center;\">Sperlonga \u00e8 una vera scoperta!<\/h3>\n<p style=\"text-align: center;\">In ogni angolo di spiaggia, in ogni punto bianco del centro storico ed in ogni stanza del Museo Archeologico c\u2019\u00e8 sempre qualcosa di entusiasmante e piacevole da scoprire.<br \/>\nPrenota una delle nostre passeggiate accompagnate nel bellissimo centro storico arroccato sul mare, tra vicoli pieni di scorci mozzafiato e profumi di fiori e salsedine.<br \/>\nVieni a fare un giro in barca lungo le splendide coste dorate, con acqua cristallina e piccole grotte tutte da esplorare.<br \/>\nRilassati in un ambiente tipico locale per gustare un pranzo con i prodotti locali ed i vini migliori di questa terra, frutto di antiche tradizioni e vitigni storici.<\/p>\n<\/div><\/section><br \/>\n<div  class='avia-button-wrap avia-button-center  avia-builder-el-24  el_after_av_textblock  avia-builder-el-last ' ><a href='https:\/\/www.sperlongaturismo.it\/it\/tour\/'  class='avia-button av-icon-on-hover avia-color-theme-color   avia-icon_select-yes-right-icon avia-size-large avia-position-center '   ><span class='avia_iconbox_title' >Scopri tutti i Tour<\/span><span class='avia_button_icon avia_button_icon_right' aria-hidden='true' data-av_icon='\ue879' data-av_iconfont='entypo-fontello'><\/span><\/a><\/div><\/p><\/div>\n<\/div><\/div><\/div><!-- close content main div --><\/div><\/div><div id='av_section_2'  class='avia-section main_color avia-section-large avia-no-border-styling  avia-bg-style-parallax  avia-builder-el-25  el_after_av_one_full  el_before_av_slideshow_full   container_wrap sidebar_right' style='background-color: #109bc5;  '  ><div class='container' ><div class='template-page content  av-content-small alpha units'><div class='post-entry post-entry-type-page post-entry-330'><div class='entry-content-wrapper clearfix'>\n<div class=\"flex_column av_one_full  flex_column_div first  avia-builder-el-26  avia-builder-el-no-sibling  \" style='border-width:1px; border-color:#ffffff; border-style:solid; padding:30px; border-radius:0px; '><section class=\"av_textblock_section \"  itemscope=\"itemscope\" itemtype=\"https:\/\/schema.org\/CreativeWork\" ><div class='avia_textblock  av_inherit_color '  style='color:#ffffff; '  itemprop=\"text\" ><h3 style=\"text-align: center;\">I Nostri Soci<\/h3>\n<p style=\"text-align: center;\">Sperlonga Turismo \u00e8 la risposta pi\u00f9 completa per chi vuole proposte di vacanze personalizzate, \u00e8 una societ\u00e0 consortile costituita da circa 100 soci. Famiglie in cerca di tranquillit\u00e0 e relax, coppie in fuga romantica, clienti d\u2019affari, sportivi e appassionati di arte e della buona tavola qui trovano le migliori proposte di vacanza al mare sulla \u201cRiviera di Ulisse\u201d. La nostra forza sta nella capacit\u00e0 di coinvolgere i diversi attori del turismo locale offrendo dei pacchetti di vacanza personalizzati.<\/p>\n<\/div><\/section><br \/>\n<div  class='avia-button-wrap avia-button-center  avia-builder-el-28  el_after_av_textblock  avia-builder-el-last ' ><a href='https:\/\/www.sperlongaturismo.it\/it\/i-nostri-soci\/'  class='avia-button av-icon-on-hover avia-color-light   avia-icon_select-yes-right-icon avia-size-large avia-position-center '   ><span class='avia_iconbox_title' >Scopri di pi\u00f9<\/span><span class='avia_button_icon avia_button_icon_right' aria-hidden='true' data-av_icon='\ue879' data-av_iconfont='entypo-fontello'><\/span><\/a><\/div><\/p><\/div>\n\n<\/div><\/div><\/div><!-- close content main div --><\/div><\/div><div id='full_slider_2'  class='avia-fullwidth-slider main_color avia-shadow   avia-builder-el-29  el_after_av_section  el_before_av_section   slider-not-first container_wrap sidebar_right' style=' '  ><div   data-size='featured'  data-lightbox_size='large'  data-animation='slide'  data-conditional_play=''  data-ids='4925'  data-video_counter='0'  data-autoplay='false'  data-bg_slider='false'  data-slide_height=''  data-handle='av_slideshow_full'  data-interval='5'  data-class=' '  data-el_id=''  data-css_id=''  data-scroll_down=''  data-control_layout='av-control-default'  data-custom_markup=''  data-perma_caption=''  data-autoplay_stopper=''  data-image_attachment=''  data-min_height='0px'  data-lazy_loading='disabled'  data-src=''  data-position='top left'  data-repeat='no-repeat'  data-attach='scroll'  data-stretch=''  data-default-height='28.666666666667'  class='avia-slideshow avia-slideshow-2  av-control-default av-default-height-applied avia-slideshow-featured av_slideshow_full   avia-slide-slider '  itemprop=\"image\" itemscope=\"itemscope\" itemtype=\"https:\/\/schema.org\/ImageObject\" ><ul class='avia-slideshow-inner ' style='padding-bottom: 27.266666666667%;' ><li  class=' av-single-slide slide-1 ' ><div data-rel='slideshow-2' class='avia-slide-wrap '   ><div class = \"caption_fullwidth av-slideshow-caption caption_center caption_center_framed caption_framed\"><div class = \"container caption_container\"><div class = \"slideshow_caption\"><div class = \"slideshow_inner_caption\"><div class = \"slideshow_align_caption\"><h2  style='font-size:40px; color:#ffffff; ' class='avia-caption-title  '  itemprop=\"name\" ><a href=\"https:\/\/www.sperlongaturismo.it\/it\/progetto-odissea\/\">Le gesta di Ulisse sui muri bianchi di Sperlonga<\/a><\/h2><div class='avia-caption-content  av_inherit_color'  itemprop=\"description\"   style='font-size:15px; '><p>Il progetto di Sperlonga Turismo che avvicina il Borgo al Museo Archeologico e alla storia legata all\u2019Odissea<\/p>\n<p><a class=\"avia-button av-icon-on-hover avia-color-theme-color   avia-icon_select-yes-right-icon avia-size-large avia-position-center \" href=\"https:\/\/www.sperlongaturismo.it\/it\/progetto-odissea\/\">Vai al progetto<\/a><\/p>\n<\/div><\/div><\/div><\/div><\/div><\/div><img decoding=\"async\" class=\"wp-image-4925 avia-img-lazy-loading-not-4925\"  src=\"https:\/\/www.sperlongaturismo.it\/wp-content\/uploads\/2023\/09\/Polifemo-scaled-e1695938033776-1500x409.jpg\" width=\"1500\" height=\"409\" title='Polifemo' alt=''  itemprop=\"thumbnailUrl\"   \/><\/div><\/li><\/ul><\/div><\/div>\n<div id='av_section_3'  class='avia-section main_color avia-section-large avia-shadow  avia-bg-style-scroll  avia-builder-el-30  el_after_av_slideshow_full  el_before_av_section   container_wrap sidebar_right' style='background-color: #f8f8f8;  '  ><div class='container' ><div class='template-page content  av-content-small alpha units'><div class='post-entry post-entry-type-page post-entry-330'><div class='entry-content-wrapper clearfix'>\n<div  style='padding-bottom:50px; ' class='av-special-heading av-special-heading-h1  blockquote modern-quote modern-centered  avia-builder-el-31  el_before_av_one_half  avia-builder-el-first  '><div class ='av-subheading av-subheading_above  ' style='font-size:15px;'><p>I servizi che possiamo offrirti<\/p>\n<\/div><h1 class='av-special-heading-tag '  itemprop=\"headline\"  >Servizi<\/h1><div class='special-heading-border'><div class='special-heading-inner-border' ><\/div><\/div><\/div>\n<div class=\"flex_column av_one_half  flex_column_div first  avia-builder-el-32  el_after_av_heading  el_before_av_one_half  \" ><article  class=\"iconbox iconbox_left_content    avia-builder-el-33  avia-builder-el-no-sibling  \"  itemscope=\"itemscope\" itemtype=\"https:\/\/schema.org\/CreativeWork\" ><div class=\"iconbox_icon heading-color\" aria-hidden='true' data-av_icon='\ue8b1' data-av_iconfont='entypo-fontello'  style='border:1px solid #109bc5; color:#109bc5; ' ><\/div><div class=\"iconbox_content\"><header class=\"entry-content-header\"><h3 class='iconbox_content_title  '  itemprop=\"headline\"   style='color:#666666; '>Visite Guidate in Citt\u00e0<\/h3><\/header><div class='iconbox_content_container av_inherit_color '  itemprop=\"text\"   style='color:#666666; '><p>In italiano ed in inglese vi portiamo alla scoperta dei pi\u00f9 suggestivi punti del centro storico di Sperlonga!<\/p>\n<\/div><\/div><footer class=\"entry-footer\"><\/footer><\/article><\/div><div class=\"flex_column av_one_half  flex_column_div av-zero-column-padding   avia-builder-el-34  el_after_av_one_half  el_before_av_one_half  \" style='border-radius:0px; '><article  class=\"iconbox iconbox_left_content    avia-builder-el-35  avia-builder-el-no-sibling  \"  itemscope=\"itemscope\" itemtype=\"https:\/\/schema.org\/CreativeWork\" ><div class=\"iconbox_icon heading-color\" aria-hidden='true' data-av_icon='\ue841' data-av_iconfont='entypo-fontello'  style='border:1px solid #109bc5; color:#109bc5; ' ><\/div><div class=\"iconbox_content\"><header class=\"entry-content-header\"><h3 class='iconbox_content_title  '  itemprop=\"headline\"   style='color:#666666; '>Informazioni Turistiche<\/h3><\/header><div class='iconbox_content_container av_inherit_color '  itemprop=\"text\"   style='color:#666666; '><p>Orari del Treno, Autobus, Circolare Urbana e Traghetti sono sempre a disposizione sul nostro sito e presso i nostri Info Point<\/p>\n<\/div><\/div><footer class=\"entry-footer\"><\/footer><\/article><\/div><div class=\"flex_column av_one_half  flex_column_div first  avia-builder-el-36  el_after_av_one_half  el_before_av_one_half  column-top-margin\" ><article  class=\"iconbox iconbox_left_content    avia-builder-el-37  avia-builder-el-no-sibling  \"  itemscope=\"itemscope\" itemtype=\"https:\/\/schema.org\/CreativeWork\" ><div class=\"iconbox_icon heading-color\" aria-hidden='true' data-av_icon='\ue8b9' data-av_iconfont='entypo-fontello'  style='border:1px solid #109bc5; color:#109bc5; ' ><\/div><div class=\"iconbox_content\"><header class=\"entry-content-header\"><h3 class='iconbox_content_title  '  itemprop=\"headline\"   style='color:#666666; '>Supporto Turistico<\/h3><\/header><div class='iconbox_content_container av_inherit_color '  itemprop=\"text\"   style='color:#666666; '><p>Per qualsiasi problema legato al turismo non esitare a contattarci!<\/p>\n<\/div><\/div><footer class=\"entry-footer\"><\/footer><\/article><\/div><div class=\"flex_column av_one_half  flex_column_div av-zero-column-padding   avia-builder-el-38  el_after_av_one_half  el_before_av_one_half  column-top-margin\" style='border-radius:0px; '><article  class=\"iconbox iconbox_left_content    avia-builder-el-39  avia-builder-el-no-sibling  \"  itemscope=\"itemscope\" itemtype=\"https:\/\/schema.org\/CreativeWork\" ><div class=\"iconbox_icon heading-color\" aria-hidden='true' data-av_icon='\ue8b6' data-av_iconfont='entypo-fontello'  style='border:1px solid #109bc5; color:#109bc5; ' ><\/div><div class=\"iconbox_content\"><header class=\"entry-content-header\"><h3 class='iconbox_content_title  '  itemprop=\"headline\"   style='color:#666666; '>Trasferimenti verso Aeroporti<\/h3><\/header><div class='iconbox_content_container av_inherit_color '  itemprop=\"text\"   style='color:#666666; '><p>Se hai bisogno di un servizio taxi per il trasferimento verso uno degli aeroporti (Roma o Napoli), possiamo aiutarti noi!<\/p>\n<\/div><\/div><footer class=\"entry-footer\"><\/footer><\/article><\/div><div class=\"flex_column av_one_half  flex_column_div av-zero-column-padding first  avia-builder-el-40  el_after_av_one_half  el_before_av_one_half  column-top-margin\" style='border-radius:0px; '><article  class=\"iconbox iconbox_left_content    avia-builder-el-41  avia-builder-el-no-sibling  \"  itemscope=\"itemscope\" itemtype=\"https:\/\/schema.org\/CreativeWork\" ><div class=\"iconbox_icon heading-color\" aria-hidden='true' data-av_icon='\ue808' data-av_iconfont='entypo-fontello'  style='border:1px solid #109bc5; color:#109bc5; ' ><\/div><div class=\"iconbox_content\"><header class=\"entry-content-header\"><h3 class='iconbox_content_title  '  itemprop=\"headline\"   style='color:#666666; '>Hotel, Ristoranti e tanto altro!<\/h3><\/header><div class='iconbox_content_container av_inherit_color '  itemprop=\"text\"   style='color:#666666; '><p>Possiamo aiutarti a trovare un hotel, un ristorante o una qualsiasi altra attivit\u00e0 commerciale scegliendoli insieme a te tra i nostri iscritti!<\/p>\n<\/div><\/div><footer class=\"entry-footer\"><\/footer><\/article><\/div><div class=\"flex_column av_one_half  flex_column_div   avia-builder-el-42  el_after_av_one_half  avia-builder-el-last  column-top-margin\" ><article  class=\"iconbox iconbox_left_content    avia-builder-el-43  avia-builder-el-no-sibling  \"  itemscope=\"itemscope\" itemtype=\"https:\/\/schema.org\/CreativeWork\" ><div class=\"iconbox_icon heading-color\" aria-hidden='true' data-av_icon='\ue8d2' data-av_iconfont='entypo-fontello'  style='border:1px solid #109bc5; color:#109bc5; ' ><\/div><div class=\"iconbox_content\"><header class=\"entry-content-header\"><h3 class='iconbox_content_title  '  itemprop=\"headline\"   style='color:#666666; '>Attivit\u00e0 e Manifestazioni<\/h3><\/header><div class='iconbox_content_container av_inherit_color '  itemprop=\"text\"   style='color:#666666; '><p>Resta in contatto con noi e rimani sempre aggiornato su tutte le Attivit\u00e0 e le Manifestazioni che si svolgono a Sperlonga durante l&#8217;anno!<\/p>\n<\/div><\/div><footer class=\"entry-footer\"><\/footer><\/article><\/div>\n\n<\/div><\/div><\/div><!-- close content main div --><\/div><\/div><div id='av_section_4'  class='avia-section main_color avia-section-large avia-no-border-styling  avia-bg-style-parallax  avia-builder-el-44  el_after_av_section  el_before_av_section   container_wrap sidebar_right' style='background-color: #109bc5;  '  ><div class='container' ><div class='template-page content  av-content-small alpha units'><div class='post-entry post-entry-type-page post-entry-330'><div class='entry-content-wrapper clearfix'>\n<div class=\"flex_column av_one_fifth  flex_column_div av-zero-column-padding first  avia-builder-el-45  el_before_av_one_fifth  avia-builder-el-first  \" style='border-radius:0px; '><div  class=\"avia-animated-number av-force-default-color  avia-color-font-light  avia-builder-el-46  avia-builder-el-no-sibling  avia_animate_when_visible\"  data-timer=\"3000\"><strong class=\"heading avia-animated-number-title\" ><span class=\"avia-single-number __av-single-number\" data-number_format=\"\" data-number=\"10\" data-start_from=\"0\">10<\/span><\/strong><div class='avia-animated-number-content' ><p>Anni di esperienza<\/p>\n<\/div><\/div><\/div><div class=\"flex_column av_one_fifth  flex_column_div av-zero-column-padding   avia-builder-el-47  el_after_av_one_fifth  el_before_av_one_fifth  \" style='border-radius:0px; '><div  class=\"avia-animated-number av-force-default-color  avia-color-font-light  avia-builder-el-48  avia-builder-el-no-sibling  avia_animate_when_visible\"  data-timer=\"3000\"><strong class=\"heading avia-animated-number-title\" ><span class=\"avia-single-number __av-single-number\" data-number_format=\"\" data-number=\"8\" data-start_from=\"0\">8<\/span><\/strong><div class='avia-animated-number-content' ><p>Membri dello Staff<\/p>\n<\/div><\/div><\/div><div class=\"flex_column av_one_fifth  flex_column_div av-zero-column-padding   avia-builder-el-49  el_after_av_one_fifth  el_before_av_one_fifth  \" style='border-radius:0px; '><div  class=\"avia-animated-number av-force-default-color  avia-color-font-light  avia-builder-el-50  avia-builder-el-no-sibling  avia_animate_when_visible\"  data-timer=\"3000\"><strong class=\"heading avia-animated-number-title\" ><span class=\"avia-single-number __av-single-number\" data-number_format=\"\" data-number=\"45000\" data-start_from=\"0\">45000<\/span><\/strong><div class='avia-animated-number-content' ><p>Turisti Ospitati<\/p>\n<\/div><\/div><\/div><div class=\"flex_column av_one_fifth  flex_column_div av-zero-column-padding   avia-builder-el-51  el_after_av_one_fifth  el_before_av_one_fifth  \" style='border-radius:0px; '><div  class=\"avia-animated-number av-force-default-color  avia-color-font-light  avia-builder-el-52  avia-builder-el-no-sibling  avia_animate_when_visible\"  data-timer=\"3000\"><strong class=\"heading avia-animated-number-title\" ><span class=\"avia-single-number __av-single-number\" data-number_format=\"\" data-number=\"200\" data-start_from=\"0\">200<\/span><\/strong><div class='avia-animated-number-content' ><p>Attivit\u00e0 Commerciali<\/p>\n<\/div><\/div><\/div><div class=\"flex_column av_one_fifth  flex_column_div av-zero-column-padding   avia-builder-el-53  el_after_av_one_fifth  avia-builder-el-last  \" style='border-radius:0px; '><div  class=\"avia-animated-number av-force-default-color  avia-color-font-light  avia-builder-el-54  avia-builder-el-no-sibling  avia_animate_when_visible\"  data-timer=\"3000\"><strong class=\"heading avia-animated-number-title\" ><span class=\"avia-single-number __av-single-number\" data-number_format=\"\" data-number=\"400\" data-start_from=\"0\">400<\/span><\/strong><div class='avia-animated-number-content' ><p>Manifestazioni Svolte<\/p>\n<\/div><\/div><\/div>\n\n<\/div><\/div><\/div><!-- close content main div --><\/div><\/div><div id='av_section_5'  class='avia-section main_color avia-section-large avia-no-border-styling  avia-bg-style-scroll  avia-builder-el-55  el_after_av_section  el_before_av_section   container_wrap sidebar_right' style=' '  ><div class='container' ><div class='template-page content  av-content-small alpha units'><div class='post-entry post-entry-type-page post-entry-330'><div class='entry-content-wrapper clearfix'>\n<div class=\"flex_column av_one_half  flex_column_div av-zero-column-padding first  avia-builder-el-56  el_before_av_one_half  avia-builder-el-first  \" style='border-radius:0px; '><div  class='avia-image-container  av-styling-    avia-builder-el-57  avia-builder-el-no-sibling  avia-align-center '  itemprop=\"image\" itemscope=\"itemscope\" itemtype=\"https:\/\/schema.org\/ImageObject\"  ><div class='avia-image-container-inner'><div class='avia-image-overlay-wrap'><a href=\"https:\/\/iolido.it\/\" class=\"avia_image\" target=\"_blank\" rel=\"noopener noreferrer\"><img decoding=\"async\" width=\"2560\" height=\"1920\" class='wp-image-5781 avia-img-lazy-loading-not-5781 avia_image' src=\"https:\/\/www.sperlongaturismo.it\/wp-content\/uploads\/2025\/07\/IMG_2035-scaled.jpeg\" alt='' title='IMG_2035'  itemprop=\"thumbnailUrl\" srcset=\"https:\/\/www.sperlongaturismo.it\/wp-content\/uploads\/2025\/07\/IMG_2035-scaled.jpeg 2560w, https:\/\/www.sperlongaturismo.it\/wp-content\/uploads\/2025\/07\/IMG_2035-300x225.jpeg 300w, https:\/\/www.sperlongaturismo.it\/wp-content\/uploads\/2025\/07\/IMG_2035-1030x773.jpeg 1030w, https:\/\/www.sperlongaturismo.it\/wp-content\/uploads\/2025\/07\/IMG_2035-768x576.jpeg 768w, https:\/\/www.sperlongaturismo.it\/wp-content\/uploads\/2025\/07\/IMG_2035-1536x1152.jpeg 1536w, https:\/\/www.sperlongaturismo.it\/wp-content\/uploads\/2025\/07\/IMG_2035-2048x1536.jpeg 2048w, https:\/\/www.sperlongaturismo.it\/wp-content\/uploads\/2025\/07\/IMG_2035-1500x1125.jpeg 1500w, https:\/\/www.sperlongaturismo.it\/wp-content\/uploads\/2025\/07\/IMG_2035-705x529.jpeg 705w, https:\/\/www.sperlongaturismo.it\/wp-content\/uploads\/2025\/07\/IMG_2035-450x338.jpeg 450w, https:\/\/www.sperlongaturismo.it\/wp-content\/uploads\/2025\/07\/IMG_2035-600x450.jpeg 600w\" sizes=\"(max-width: 2560px) 100vw, 2560px\" \/><\/a><\/div><\/div><\/div><\/div><div class=\"flex_column av_one_half  flex_column_div av-zero-column-padding   avia-builder-el-58  el_after_av_one_half  avia-builder-el-last  \" style='border-radius:0px; '><p><div  style='padding-bottom:20px; ' class='av-special-heading av-special-heading-h1  blockquote modern-quote modern-centered  avia-builder-el-59  el_before_av_textblock  avia-builder-el-first  '><div class ='av-subheading av-subheading_above  ' style='font-size:15px;'><p>Spiaggia Grotta di Tiberio<\/p>\n<\/div><h1 class='av-special-heading-tag '  itemprop=\"headline\"  >PRENOTAZIONE GRATUITA OBBLIGATORIA<\/h1><div class='special-heading-border'><div class='special-heading-inner-border' ><\/div><\/div><\/div><br \/>\n<section class=\"av_textblock_section \"  itemscope=\"itemscope\" itemtype=\"https:\/\/schema.org\/CreativeWork\" ><div class='avia_textblock  '   itemprop=\"text\" ><div class=\"main_title\">\n<p>Il servizio prevede:<\/p>\n<ul>\n<li>n. 59 postazioni disponibili sulla spiaggia libera, ognuna di 3 x 4 metri<\/li>\n<li>n. 5 postazioni per soggetti diversamente abili<\/li>\n<li>Prenotazione gratuita con un giorno di anticipo<\/li>\n<li>Conferma obbligatoria entro le 11:30 del giorno di utilizzo<\/li>\n<li>Gestione tramite QR code per check-in e check-out<\/li>\n<\/ul>\n<p>Accesso semplice in quattro passaggi:<\/p>\n<ul>\n<li>Aprire l&#8217;app &#8220;Sperlonga Turismo&#8221; (gi\u00e0 disponibile gratuitamente su App Store e Google Play)<\/li>\n<li>Cliccare sul pulsante giallo &#8220;Prenota spiaggia libera Grotta di Tiberio&#8221; in homepage<\/li>\n<li>Confermare la prenotazione entro le 11:30 presso i parcheggi convenzionati o lo stand Energie Comuni<\/li>\n<li>Utilizzare il QR code per occupare e rilasciare la postazione<\/li>\n<\/ul>\n<\/div>\n<\/div><\/section><br \/>\n<div  class='avia-icon-list-container   avia-builder-el-61  el_after_av_textblock  el_before_av_button '><ul class='avia-icon-list avia-icon-list-left av-iconlist-big avia_animate_when_almost_visible avia-iconlist-animate'>\n<li><div  class='iconlist_icon  avia-font-entypo-fontello'><span class='iconlist-char ' aria-hidden='true' data-av_icon='\ue863' data-av_iconfont='entypo-fontello'><\/span><\/div><article class=\"article-icon-entry \"  itemscope=\"itemscope\" itemtype=\"https:\/\/schema.org\/CreativeWork\" ><div class='iconlist_content_wrap'><header class=\"entry-content-header\"><h4 class='av_iconlist_title iconlist_title   '  itemprop=\"headline\"  >Non perdi tempo<\/h4><\/header><div class='iconlist_content  '  itemprop=\"text\"  ><div class=\"col-sm-4\">\n<div class=\"box_how\">\n<p>Evita di perdere tempo per recarti presso una spiaggia dove non ci sono posti a disposizione, ma a 100m verso i porto ci sono altre 8 spiagge libere, senza obbligo di prenotazione. Goditi da subito la tua vacanza.<\/p>\n<\/div>\n<\/div>\n<\/div><\/div><footer class=\"entry-footer\"><\/footer><\/article><div class='iconlist-timeline'><\/div><\/li>\n<\/ul><\/div><br \/>\n<div  class='avia-button-wrap avia-button-left  avia-builder-el-62  el_after_av_iconlist  avia-builder-el-last ' ><a href='https:\/\/www.sperlongaturismo.it\/it\/sperlonga-guide\/'  class='avia-button  avia-color-theme-color   avia-icon_select-yes-right-icon avia-size-large avia-position-left '  target=\"_blank\"  rel=\"noopener noreferrer\"  ><span class='avia_iconbox_title' >Vai alla guida<\/span><span class='avia_button_icon avia_button_icon_right' aria-hidden='true' data-av_icon='\ue832' data-av_iconfont='entypo-fontello'><\/span><\/a><\/div><\/p><\/div><\/div><\/div><\/div><!-- close content main div --><\/div><\/div><div id='av_section_6'  class='avia-section alternate_color avia-section-default avia-no-border-styling  avia-bg-style-scroll  avia-builder-el-63  el_after_av_section  el_before_av_tab_section   container_wrap sidebar_right' style='background-color: #b02b2c;  '  ><div class='container' ><div class='template-page content  av-content-small alpha units'><div class='post-entry post-entry-type-page post-entry-330'><div class='entry-content-wrapper clearfix'>\n<div  style='padding-bottom:0px; ' class='av-special-heading av-special-heading-h1  blockquote modern-quote modern-centered  avia-builder-el-64  avia-builder-el-no-sibling  '><div class ='av-subheading av-subheading_above  ' style='font-size:15px;'><p>Non sai come arrivare?<\/p>\n<\/div><h1 class='av-special-heading-tag '  itemprop=\"headline\"  >Raggiungi Sperlonga<\/h1><div class='special-heading-border'><div class='special-heading-inner-border' ><\/div><\/div><\/div>\n<\/p>\n<\/div><\/div><\/div><!-- close content main div --><\/div><\/div><div id='av-tab-section-1'  class='av-tab-section-container entry-content-wrapper main_color av-tab-no-transition   av-tab-above-content  avia-builder-el-65  el_after_av_section  el_before_av_section  submenu-not-first container_wrap sidebar_right' style=' '  ><div class='av-tab-section-outer-container'><div class='av-tab-section-tab-title-container avia-tab-title-padding-default '  role='tablist'><a href='#in-auto' data-av-tab-section-title='1' class='av-section-tab-title av-active-tab-title no-scroll av-tab-no-icon av-tab-no-image  ' role='tab' tabindex='0' aria-controls='av-tab-section-1-1'><span class='av-outer-tab-title'><span class='av-inner-tab-title'>In Auto<\/span><\/span><span class='av-tab-arrow-container'><span><\/span><\/span><\/a><a href='#in-treno' data-av-tab-section-title='2' class='av-section-tab-title  av-tab-no-icon av-tab-no-image  ' role='tab' tabindex='0' aria-controls='av-tab-section-1-2'><span class='av-outer-tab-title'><span class='av-inner-tab-title'>In Treno<\/span><\/span><span class='av-tab-arrow-container'><span><\/span><\/span><\/a><a href='#in-barca' data-av-tab-section-title='3' class='av-section-tab-title  av-tab-no-icon av-tab-no-image  ' role='tab' tabindex='0' aria-controls='av-tab-section-1-3'><span class='av-outer-tab-title'><span class='av-inner-tab-title'>In Barca<\/span><\/span><span class='av-tab-arrow-container'><span><\/span><\/span><\/a><\/div><div class='av-tab-section-inner-container avia-section-default' style='width:300vw; left:0%;'><span class='av_prev_tab_section av_tab_navigation'><\/span><span class='av_next_tab_section av_tab_navigation'><\/span>\n<div id=\"av-tab-section-1-1\" data-av-tab-section-content=\"1\" class=\"av-layout-tab av-animation-delay-container av-active-tab-content __av_init_open  avia-builder-el-66  el_before_av_tab_sub_section  avia-builder-el-first   \" style='vertical-align:middle; '  data-tab-section-id=\"in-auto\"><div class='av-layout-tab-inner'><div class='container'><p><div class=\"flex_column av_one_half  flex_column_div av-zero-column-padding first  avia-builder-el-67  el_before_av_one_half  avia-builder-el-first  \" style='border-radius:0px; '><div  class='av_gmaps_sc_main_wrap av_gmaps_main_wrap '><div id='av_gmap_0' class='avia-google-map-container avia-google-map-sc av_gmaps_show_unconditionally av-no-fallback-img ' data-mapid='av_gmap_0'  style='height: 400px;'><a class=\"av_gmaps_browser_disabled av_text_confirm_link av_text_confirm_link_visible\" href=\"https:\/\/www.google.com\/maps\/search\/?api=1&amp;query=Piazza%20Fontana,%201%20%20Sperlonga%20%20Italia\" target=\"_blank\" rel=\"noopener\">Le mappe sono state disabilitate dal visitatore di questo sito. Clicca per aprire la mappa in una nuova finestra.<\/a><\/div><\/div><\/div><div class=\"flex_column av_one_half  flex_column_div av-zero-column-padding   avia-builder-el-69  el_after_av_one_half  avia-builder-el-last  \" style='border-radius:0px; '><p><div  style='padding-bottom:20px; ' class='av-special-heading av-special-heading-h1  blockquote modern-quote  avia-builder-el-70  el_before_av_textblock  avia-builder-el-first  '><h1 class='av-special-heading-tag '  itemprop=\"headline\"  >Da Roma<\/h1><div class='special-heading-border'><div class='special-heading-inner-border' ><\/div><\/div><\/div><br \/>\n<section class=\"av_textblock_section \"  itemscope=\"itemscope\" itemtype=\"https:\/\/schema.org\/CreativeWork\" ><div class='avia_textblock  '   itemprop=\"text\" ><p style=\"text-align: left;\">E&#8217; possibile raggiungere Sperlonga da Roma percorrendo la <strong>via\u00a0Pontina<\/strong> (fino a Terracina) e proseguendo lungo la <strong>via Flacca<\/strong>.<br \/>\nPer chi invece \u00e8 in <strong>autostrada<\/strong> il consiglio \u00e8 di <strong>uscire a Frosinone<\/strong>, andare in <strong>direzione Terracina<\/strong> e raggiungere Sperlonga tramite la via Flacca.<\/p>\n<\/div><\/section><br \/>\n<div  style='padding-bottom:20px; ' class='av-special-heading av-special-heading-h1  blockquote modern-quote  avia-builder-el-72  el_after_av_textblock  el_before_av_textblock  '><h1 class='av-special-heading-tag '  itemprop=\"headline\"  >Da Napoli<\/h1><div class='special-heading-border'><div class='special-heading-inner-border' ><\/div><\/div><\/div><br \/>\n<section class=\"av_textblock_section \"  itemscope=\"itemscope\" itemtype=\"https:\/\/schema.org\/CreativeWork\" ><div class='avia_textblock  '   itemprop=\"text\" ><p style=\"text-align: left;\">In autostrada <strong>uscire a Cassino<\/strong>, andare in <strong>direzione Formia<\/strong> e raggiungere Sperlonga tramite la <strong>via Flacca<\/strong>.<\/p>\n<\/div><\/section><\/p><\/div><\/p>\n<\/div><\/div><\/div><div id=\"av-tab-section-1-2\" data-av-tab-section-content=\"2\" class=\"av-layout-tab av-animation-delay-container   avia-builder-el-74  el_after_av_tab_sub_section  el_before_av_tab_sub_section   \" style='vertical-align:middle; '  data-tab-section-id=\"in-treno\"><div class='av-layout-tab-inner'><div class='container'><p><div class='flex_column_table av-equal-height-column-flextable -flextable' ><div class=\"flex_column av_one_half  flex_column_table_cell av-equal-height-column av-align-middle av-zero-column-padding first  avia-builder-el-75  el_before_av_one_half  avia-builder-el-first  \" style='border-radius:0px; '><div  class='av-hotspot-image-container   av-hotspot-numbered av-mobile-fallback-active    avia-builder-el-76  avia-builder-el-no-sibling  av-non-fullwidth-hotspot-image'  itemprop=\"image\" itemscope=\"itemscope\" itemtype=\"https:\/\/schema.org\/ImageObject\" ><div class='av-hotspot-container'><div class='av-hotspot-container-inner-cell'><div class='av-hotspot-container-inner-wrap'><div class='av-image-hotspot av-image-hotspot-1 ' data-avia-tooltip-position='left' data-avia-tooltip-alignment='centered' data-avia-tooltip-class='av-tt-default-width av-tt-pos-left av-tt-align-centered  av-mobile-fallback-active  main_color av-tt-hotspot' data-avia-tooltip='&lt;p&gt;Ingresso\/Uscita Stazione&lt;\/p&gt;\n' style='top: 64.7%; left: 93.7%; '><div class='av-image-hotspot_inner' style=' '>1<\/div><div class='av-image-hotspot-pulse' ><\/div><\/div><div class='av-image-hotspot av-image-hotspot-2 ' data-avia-tooltip-position='top' data-avia-tooltip-alignment='left' data-avia-tooltip-class='av-tt-default-width av-tt-pos-above av-tt-align-left  av-mobile-fallback-active  main_color av-tt-hotspot' data-avia-tooltip='&lt;p&gt;Fermata del Bus&lt;\/p&gt;\n' style='top: 55.2%; left: 46.1%; '><div class='av-image-hotspot_inner' style=' '>2<\/div><div class='av-image-hotspot-pulse' ><\/div><\/div><img decoding=\"async\" class='wp-image-560 avia-img-lazy-loading-not-560 avia_image' src=\"https:\/\/www.sperlongaturismo.it\/wp-content\/uploads\/2018\/03\/Stazione-Fondi-Sperlonga-1030x579.jpg\" alt='' title='Stazione-Fondi-Sperlonga'  height=\"579\" width=\"1030\"  itemprop=\"thumbnailUrl\" srcset=\"https:\/\/www.sperlongaturismo.it\/wp-content\/uploads\/2018\/03\/Stazione-Fondi-Sperlonga-1030x579.jpg 1030w, https:\/\/www.sperlongaturismo.it\/wp-content\/uploads\/2018\/03\/Stazione-Fondi-Sperlonga-300x169.jpg 300w, https:\/\/www.sperlongaturismo.it\/wp-content\/uploads\/2018\/03\/Stazione-Fondi-Sperlonga-768x432.jpg 768w, https:\/\/www.sperlongaturismo.it\/wp-content\/uploads\/2018\/03\/Stazione-Fondi-Sperlonga-1500x844.jpg 1500w, https:\/\/www.sperlongaturismo.it\/wp-content\/uploads\/2018\/03\/Stazione-Fondi-Sperlonga-705x397.jpg 705w, https:\/\/www.sperlongaturismo.it\/wp-content\/uploads\/2018\/03\/Stazione-Fondi-Sperlonga-600x338.jpg 600w, https:\/\/www.sperlongaturismo.it\/wp-content\/uploads\/2018\/03\/Stazione-Fondi-Sperlonga.jpg 1920w\" sizes=\"(max-width: 1030px) 100vw, 1030px\" \/><\/div><\/div><\/div><div class='av-hotspot-fallback-tooltip av-image-hotspot-1 '><div class='av-hotspot-fallback-tooltip-count'>1<div class='avia-arrow'><\/div><\/div><div class='av-hotspot-fallback-tooltip-inner clearfix'><p>\nIngresso\/Uscita Stazione<\/p>\n<\/div><\/div><div class='av-hotspot-fallback-tooltip av-image-hotspot-2 '><div class='av-hotspot-fallback-tooltip-count'>2<div class='avia-arrow'><\/div><\/div><div class='av-hotspot-fallback-tooltip-inner clearfix'><p>\nFermata del Bus<\/p>\n<\/div><\/div><\/div><\/div><div class='av-flex-placeholder'><\/div><div class=\"flex_column av_one_half  flex_column_table_cell av-equal-height-column av-align-middle av-zero-column-padding   avia-builder-el-77  el_after_av_one_half  avia-builder-el-last  \" style='border-radius:0px; '><p><div  style='padding-bottom:20px; ' class='av-special-heading av-special-heading-h1  blockquote modern-quote  avia-builder-el-78  el_before_av_textblock  avia-builder-el-first  '><h1 class='av-special-heading-tag '  itemprop=\"headline\"  >Stazione di Fondi\/Sperlonga<\/h1><div class='special-heading-border'><div class='special-heading-inner-border' ><\/div><\/div><\/div><br \/>\n<section class=\"av_textblock_section \"  itemscope=\"itemscope\" itemtype=\"https:\/\/schema.org\/CreativeWork\" ><div class='avia_textblock  '   itemprop=\"text\" ><p>La soluzione pi\u00f9 diretta vale fortunatamente sia nei giorni feriali che nei festivi \u00e8 <strong>scendere alla stazione \u201cFondi-Sperlonga\u201d<\/strong>.<\/p>\n<p>Dal <strong>piazzale<\/strong> antistante la stazione, prendete il bus della\u00a0<strong>Autoservizi Piazzoli<\/strong>\u00a0per Sperlonga. Gli orari sono comunque affissi ai capolinea (alla stazione e a Sperlonga) e sono disponibili anche al bar della stazione.<\/p>\n<p>Il <strong>biglietto del bus<\/strong> lo potete acquistare <strong>a bordo<\/strong> oppure <strong>al bar della stazione<\/strong>. La forma del biglietto \u00e8 diversa ma la validit\u00e0 e il prezzo sono gli stessi.<\/p>\n<p>Il bus ha <strong>frequenza<\/strong> pi\u00f9 o meno <strong>oraria<\/strong> e in gran parte sincronizzata con i treni. In caso di grande afflusso di passeggeri, gli autisti fanno arrivare una <strong>vettura aggiuntiva<\/strong>\u00a0in modo che non si \u00e8 costretti ad aspettare un\u2019altra ora.<\/p>\n<p>Il <strong>capolinea<\/strong> della Piazzoli \u00e8 in <strong>Piazza Europa<\/strong> da cui poi si pu\u00f2 scendere gi\u00f9 verso via Cristoforo Colombo in cui ci sono <strong>diverse fermate<\/strong> (la prima \u00e8 proprio all\u2019inizio di <strong>via Cristoforo Colombo<\/strong>).<\/p>\n<\/div><\/section><\/p><\/div><\/div><!--close column table wrapper. Autoclose: 1 --><\/p>\n<\/div><\/div><\/div><div id=\"av-tab-section-1-3\" data-av-tab-section-content=\"3\" class=\"av-layout-tab av-animation-delay-container   avia-builder-el-80  el_after_av_tab_sub_section  avia-builder-el-last   \" style='vertical-align:middle; '  data-tab-section-id=\"in-barca\"><div class='av-layout-tab-inner'><div class='container'><p><div class='flex_column_table av-equal-height-column-flextable -flextable' ><div class=\"flex_column av_one_half  flex_column_table_cell av-equal-height-column av-align-middle av-zero-column-padding first  avia-builder-el-81  el_before_av_one_half  avia-builder-el-first  \" style='border-radius:0px; '><div  class='avia-image-container  av-styling-    avia-builder-el-82  avia-builder-el-no-sibling  avia-align-center '  itemprop=\"image\" itemscope=\"itemscope\" itemtype=\"https:\/\/schema.org\/ImageObject\"  ><div class='avia-image-container-inner'><div class='avia-image-overlay-wrap'><img decoding=\"async\" class='wp-image-566 avia-img-lazy-loading-not-566 avia_image' src=\"https:\/\/www.sperlongaturismo.it\/wp-content\/uploads\/2018\/03\/Porto-di-Sperlonga.jpg\" alt='' title='Porto-di-Sperlonga' height=\"543\" width=\"976\"  itemprop=\"thumbnailUrl\" srcset=\"https:\/\/www.sperlongaturismo.it\/wp-content\/uploads\/2018\/03\/Porto-di-Sperlonga.jpg 976w, https:\/\/www.sperlongaturismo.it\/wp-content\/uploads\/2018\/03\/Porto-di-Sperlonga-300x167.jpg 300w, https:\/\/www.sperlongaturismo.it\/wp-content\/uploads\/2018\/03\/Porto-di-Sperlonga-768x427.jpg 768w, https:\/\/www.sperlongaturismo.it\/wp-content\/uploads\/2018\/03\/Porto-di-Sperlonga-705x392.jpg 705w, https:\/\/www.sperlongaturismo.it\/wp-content\/uploads\/2018\/03\/Porto-di-Sperlonga-600x334.jpg 600w\" sizes=\"(max-width: 976px) 100vw, 976px\" \/><\/div><\/div><\/div><\/div><div class='av-flex-placeholder'><\/div><div class=\"flex_column av_one_half  flex_column_table_cell av-equal-height-column av-align-middle av-zero-column-padding   avia-builder-el-83  el_after_av_one_half  avia-builder-el-last  \" style='border-radius:0px; '><p><div  style='padding-bottom:20px; ' class='av-special-heading av-special-heading-h1  blockquote modern-quote  avia-builder-el-84  el_before_av_textblock  avia-builder-el-first  '><h1 class='av-special-heading-tag '  itemprop=\"headline\"  >Porto Turistico<\/h1><div class='special-heading-border'><div class='special-heading-inner-border' ><\/div><\/div><\/div><br \/>\n<section class=\"av_textblock_section \"  itemscope=\"itemscope\" itemtype=\"https:\/\/schema.org\/CreativeWork\" ><div class='avia_textblock  '   itemprop=\"text\" ><p style=\"text-align: left;\">L\u2019approdo turistico di Sperlonga, recentemente ampliato e ristrutturato, \u00e8 un porto a bacino, secondo uno schema tipico dei mari interni come il Mediterraneo. Un molo sopraflutto, che parte dal promontorio di torre Truglia e si sviluppa per 200 m in direzione NW \u2013 SE, e un molo sottoflutto ad andamento curvilineo delimitano due bacini separati da un braccio centrale, con una superficie complessiva di 13.000 metri quadrati, con un canale di accesso, largo 13 m e lungo 90 m.<\/p>\n<\/div><\/section><br \/>\n<div  style='padding-bottom:20px; ' class='av-special-heading av-special-heading-h1  blockquote modern-quote  avia-builder-el-86  el_after_av_textblock  el_before_av_textblock  '><h1 class='av-special-heading-tag '  itemprop=\"headline\"  >Navetta Elettrica<\/h1><div class='special-heading-border'><div class='special-heading-inner-border' ><\/div><\/div><\/div><br \/>\n<section class=\"av_textblock_section \"  itemscope=\"itemscope\" itemtype=\"https:\/\/schema.org\/CreativeWork\" ><div class='avia_textblock  '   itemprop=\"text\" ><div class=\"g-block size-50 box2 rounded fp-contentlist\">\n<div id=\"contentlist-7605-particle\" class=\"g-content g-particle\">\n<div class=\"g-contentlist \">\n<div class=\"g-grid\">\n<div class=\"g-block size-67 g-contentlist-text\">\n<div class=\"g-content\">\n<div class=\"g-contentlist-desc\">\n<p>Nel pieno rispetto dell&#8217;ambiente, il Porto di Sperlonga srl offre il servizio navetta ai propri clienti mediante l&#8217;uso di macchine elettriche per il trasferimento dal parcheggio auto ai pontili.<\/p>\n<\/div>\n<\/div>\n<\/div>\n<\/div>\n<\/div>\n<\/div>\n<\/div>\n<div class=\"g-block size-50\">\n<div id=\"custom-3831-particle\" class=\"g-content g-particle\"><\/div>\n<\/div>\n<\/div><\/section><\/p><\/div><\/div><!--close column table wrapper. Autoclose: 1 --><\/p>\n<\/div><\/div><\/div>\n<\/div><\/div><\/div>\n<div id='av_section_7'  class='avia-section main_color avia-section-large avia-no-border-styling  avia-bg-style-scroll  avia-builder-el-88  el_after_av_tab_section  el_before_av_section   container_wrap sidebar_right' style='background-color: #fcfcfc;  '  ><div class='container' ><div class='template-page content  av-content-small alpha units'><div class='post-entry post-entry-type-page post-entry-330'><div class='entry-content-wrapper clearfix'>\n<div  style='padding-bottom:20px; ' class='av-special-heading av-special-heading-h1  blockquote modern-quote modern-centered  avia-builder-el-89  el_before_av_masonry_gallery  avia-builder-el-no-sibling  '><div class ='av-subheading av-subheading_above  ' style='font-size:15px;'><p>Bisogno di Informazioni?<\/p>\n<\/div><h1 class='av-special-heading-tag '  itemprop=\"headline\"  >Info Utili<\/h1><div class='special-heading-border'><div class='special-heading-inner-border' ><\/div><\/div><\/div>\n<div id='av-masonry-1' class='av-masonry  noHover av-flex-size av-large-gap av-hover-overlay-active av-masonry-animation-active av-masonry-col-flexible av-caption-always av-caption-style- av-masonry-gallery     '  ><div class='av-masonry-container isotope av-js-disabled ' ><div class='av-masonry-entry isotope-item av-masonry-item-no-image '><\/div><a href=\"http:\/\/servizi.cotralspa.it\/Orari?com=s\"  aria-label=\"immagine Orari Autobus Cotral\"  id='av-masonry-1-item-590' data-av-masonry-item='590' class='av-masonry-entry isotope-item post-590 attachment type-attachment status-inherit hentry  av-masonry-item-with-image' title=\"Orari Autobus Cotral\" alt=\"Orari Autobus Cotral\"   itemprop=\"thumbnailUrl\" ><div class='av-inner-masonry-sizer'><\/div><figure class='av-inner-masonry main_color'><div class=\"av-masonry-outerimage-container\"><div class=\"av-masonry-image-container\" ><img decoding=\"async\" width=\"705\" height=\"529\" class=\"wp-image-590 avia-img-lazy-loading-not-590\"  src=\"https:\/\/www.sperlongaturismo.it\/wp-content\/uploads\/2018\/03\/Cotral-705x529.jpg\" title=\"Orari Autobus Cotral\" alt=\"Orari Autobus Cotral\" srcset=\"https:\/\/www.sperlongaturismo.it\/wp-content\/uploads\/2018\/03\/Cotral-705x529.jpg 705w, https:\/\/www.sperlongaturismo.it\/wp-content\/uploads\/2018\/03\/Cotral-300x225.jpg 300w, https:\/\/www.sperlongaturismo.it\/wp-content\/uploads\/2018\/03\/Cotral-768x576.jpg 768w, https:\/\/www.sperlongaturismo.it\/wp-content\/uploads\/2018\/03\/Cotral-1030x773.jpg 1030w, https:\/\/www.sperlongaturismo.it\/wp-content\/uploads\/2018\/03\/Cotral-600x450.jpg 600w, https:\/\/www.sperlongaturismo.it\/wp-content\/uploads\/2018\/03\/Cotral.jpg 1200w\" sizes=\"(max-width: 705px) 100vw, 705px\" \/><\/div><\/div><figcaption class='av-inner-masonry-content site-background'><div class='av-inner-masonry-content-pos'><div class='av-inner-masonry-content-pos-content'><div class='avia-arrow'><\/div><h3 class='av-masonry-entry-title entry-title '  itemprop=\"headline\" >Orari Autobus Cotral<\/h3><\/div><\/div><\/figcaption><\/figure><\/a><!--end av-masonry entry--><a href=\"http:\/\/www.piazzoli.it\/orari-autobus.htm\"  aria-label=\"immagine Orari Autobus Piazzoli\"  id='av-masonry-1-item-592' data-av-masonry-item='592' class='av-masonry-entry isotope-item post-592 attachment type-attachment status-inherit hentry  av-masonry-item-with-image' title=\"Orari Autobus Piazzoli\" alt=\"Orari Autobus Piazzoli\"   itemprop=\"thumbnailUrl\" ><div class='av-inner-masonry-sizer'><\/div><figure class='av-inner-masonry main_color'><div class=\"av-masonry-outerimage-container\"><div class=\"av-masonry-image-container\" ><img decoding=\"async\" width=\"260\" height=\"195\" class=\"wp-image-592 avia-img-lazy-loading-not-592\"  src=\"https:\/\/www.sperlongaturismo.it\/wp-content\/uploads\/2018\/03\/Piazzoli.jpg\" title=\"Orari Autobus Piazzoli\" alt=\"Orari Autobus Piazzoli\" \/><\/div><\/div><figcaption class='av-inner-masonry-content site-background'><div class='av-inner-masonry-content-pos'><div class='av-inner-masonry-content-pos-content'><div class='avia-arrow'><\/div><h3 class='av-masonry-entry-title entry-title '  itemprop=\"headline\" >Orari Autobus Piazzoli<\/h3><\/div><\/div><\/figcaption><\/figure><\/a><!--end av-masonry entry--><a href=\"http:\/\/www.laziomar.it\/orari-e-destinazioni\"  aria-label=\"immagine Orari Navi LazioMar\"  id='av-masonry-1-item-597' data-av-masonry-item='597' class='av-masonry-entry isotope-item post-597 attachment type-attachment status-inherit hentry  av-masonry-item-with-image' title=\"Orari Navi LazioMar\" alt=\"Orari Navi LazioMar\"   itemprop=\"thumbnailUrl\" ><div class='av-inner-masonry-sizer'><\/div><figure class='av-inner-masonry main_color'><div class=\"av-masonry-outerimage-container\"><div class=\"av-masonry-image-container\" ><img decoding=\"async\" width=\"705\" height=\"528\" class=\"wp-image-597 avia-img-lazy-loading-not-597\"  src=\"https:\/\/www.sperlongaturismo.it\/wp-content\/uploads\/2018\/03\/LazioMar-705x528.jpg\" title=\"Orari Navi LazioMar\" alt=\"Orari Navi LazioMar\" srcset=\"https:\/\/www.sperlongaturismo.it\/wp-content\/uploads\/2018\/03\/LazioMar-705x528.jpg 705w, https:\/\/www.sperlongaturismo.it\/wp-content\/uploads\/2018\/03\/LazioMar-300x225.jpg 300w, https:\/\/www.sperlongaturismo.it\/wp-content\/uploads\/2018\/03\/LazioMar-768x575.jpg 768w, https:\/\/www.sperlongaturismo.it\/wp-content\/uploads\/2018\/03\/LazioMar-600x449.jpg 600w, https:\/\/www.sperlongaturismo.it\/wp-content\/uploads\/2018\/03\/LazioMar.jpg 849w\" sizes=\"(max-width: 705px) 100vw, 705px\" \/><\/div><\/div><figcaption class='av-inner-masonry-content site-background'><div class='av-inner-masonry-content-pos'><div class='av-inner-masonry-content-pos-content'><div class='avia-arrow'><\/div><h3 class='av-masonry-entry-title entry-title '  itemprop=\"headline\" >Orari Navi LazioMar<\/h3><\/div><\/div><\/figcaption><\/figure><\/a><!--end av-masonry entry--><a href=\"http:\/\/www.trenitalia.com\/\"  aria-label=\"immagine Orari Treni Trenitalia\"  id='av-masonry-1-item-599' data-av-masonry-item='599' class='av-masonry-entry isotope-item post-599 attachment type-attachment status-inherit hentry  av-masonry-item-with-image' title=\"Orari Treni Trenitalia\" alt=\"Orari Treni Trenitalia\"   itemprop=\"thumbnailUrl\" ><div class='av-inner-masonry-sizer'><\/div><figure class='av-inner-masonry main_color'><div class=\"av-masonry-outerimage-container\"><div class=\"av-masonry-image-container\" ><img decoding=\"async\" width=\"551\" height=\"413\" class=\"wp-image-599 avia-img-lazy-loading-not-599\"  src=\"https:\/\/www.sperlongaturismo.it\/wp-content\/uploads\/2018\/03\/Trenitalia.jpg\" title=\"Orari Treni Trenitalia\" alt=\"Orari Treni Trenitalia\" srcset=\"https:\/\/www.sperlongaturismo.it\/wp-content\/uploads\/2018\/03\/Trenitalia.jpg 551w, https:\/\/www.sperlongaturismo.it\/wp-content\/uploads\/2018\/03\/Trenitalia-300x225.jpg 300w\" sizes=\"(max-width: 551px) 100vw, 551px\" \/><\/div><\/div><figcaption class='av-inner-masonry-content site-background'><div class='av-inner-masonry-content-pos'><div class='av-inner-masonry-content-pos-content'><div class='avia-arrow'><\/div><h3 class='av-masonry-entry-title entry-title '  itemprop=\"headline\" >Orari Treni Trenitalia<\/h3><\/div><\/div><\/figcaption><\/figure><\/a><!--end av-masonry entry--><a href=\"https:\/\/www.lastradadelmare.it\/\"  aria-label=\"immagine La Strada del Mare\"  id='av-masonry-1-item-719' data-av-masonry-item='719' class='av-masonry-entry isotope-item post-719 attachment type-attachment status-inherit hentry  av-masonry-item-with-image' title=\"La Strada del Mare\" alt=\"La Strada del Mare\"   itemprop=\"thumbnailUrl\" ><div class='av-inner-masonry-sizer'><\/div><figure class='av-inner-masonry main_color'><div class=\"av-masonry-outerimage-container\"><div class=\"av-masonry-image-container\" ><img decoding=\"async\" width=\"260\" height=\"195\" class=\"wp-image-719 avia-img-lazy-loading-not-719\"  src=\"https:\/\/www.sperlongaturismo.it\/wp-content\/uploads\/2018\/06\/La-Strada-del-Mare.jpg\" title=\"La Strada del Mare\" alt=\"La Strada del Mare\" \/><\/div><\/div><figcaption class='av-inner-masonry-content site-background'><div class='av-inner-masonry-content-pos'><div class='av-inner-masonry-content-pos-content'><div class='avia-arrow'><\/div><h3 class='av-masonry-entry-title entry-title '  itemprop=\"headline\" >La Strada del Mare<\/h3><\/div><\/div><\/figcaption><\/figure><\/a><!--end av-masonry entry--><\/div><\/div>\n\n<\/div><\/div><\/div><!-- close content main div --><\/div><\/div><div id='av_section_8'  class='avia-section main_color avia-section-large avia-no-border-styling  avia-bg-style-scroll  avia-builder-el-91  el_after_av_section  el_before_av_slideshow_accordion   container_wrap sidebar_right' style=' '  ><div class='container' ><div class='template-page content  av-content-small alpha units'><div class='post-entry post-entry-type-page post-entry-330'><div class='entry-content-wrapper clearfix'>\n<div  style='padding-bottom:0px; ' class='av-special-heading av-special-heading-h1  blockquote modern-quote modern-centered  avia-builder-el-92  avia-builder-el-no-sibling  '><div class ='av-subheading av-subheading_above  ' style='font-size:15px;'><p>Non conosci la nostra citt\u00e0?<\/p>\n<\/div><h1 class='av-special-heading-tag '  itemprop=\"headline\"  >Scopri Sperlonga<\/h1><div class='special-heading-border'><div class='special-heading-inner-border' ><\/div><\/div><\/div>\n\n<div  id=\"accordion_slider_1\"  class='aviaccordion aviaccordion-title-active  ' style='max-height:423px' data-av-maxheight='423' data-autoplay='false' data-interval='5'   itemscope=\"itemscope\" itemtype=\"https:\/\/schema.org\/Blog\" ><ul class='aviaccordion-inner'><li class='aviaccordion-slide aviaccordion-slide-1' style='left:0%' data-av-left='0'  itemscope=\"itemscope\" itemtype=\"https:\/\/schema.org\/CreativeWork\" ><a class='aviaccordion-slide-link noHover' href='https:\/\/www.sperlongaturismo.it\/it\/sperlonga\/' ><div class='aviaccordion-preview  av-accordion-text-center' style='width:25.1%'><div class='aviaccordion-preview-title-pos'><div class='aviaccordion-preview-title-wrap'><div class='aviaccordion-preview-title'><h3 class='aviaccordion-title  '  itemprop=\"headline\"  style='font-size:30px'>Storia<\/h3><\/div><\/div><\/div><\/div><img loading=\"lazy\" decoding=\"async\" width=\"1210\" height=\"423\" src=\"https:\/\/www.sperlongaturismo.it\/wp-content\/uploads\/2018\/03\/museo-nazionale-archeologico-sperlonga-e1521697365917-1210x423.jpg\" class=\"aviaccordion-image\" alt=\"\" \/><\/a><\/li><li class='aviaccordion-slide aviaccordion-slide-2' style='left:25%' data-av-left='25'  itemscope=\"itemscope\" itemtype=\"https:\/\/schema.org\/CreativeWork\" ><a class='aviaccordion-slide-link noHover' href='https:\/\/www.sperlongaturismo.it\/it\/sperlonga\/' ><div class='aviaccordion-preview  av-accordion-text-center' style='width:25.1%'><div class='aviaccordion-preview-title-pos'><div class='aviaccordion-preview-title-wrap'><div class='aviaccordion-preview-title'><h3 class='aviaccordion-title  '  itemprop=\"headline\"  style='font-size:30px'>Paesaggio<\/h3><\/div><\/div><\/div><\/div><img loading=\"lazy\" decoding=\"async\" width=\"635\" height=\"423\" src=\"https:\/\/www.sperlongaturismo.it\/wp-content\/uploads\/2018\/03\/sperlonga.jpg\" class=\"aviaccordion-image\" alt=\"\" srcset=\"https:\/\/www.sperlongaturismo.it\/wp-content\/uploads\/2018\/03\/sperlonga.jpg 3264w, https:\/\/www.sperlongaturismo.it\/wp-content\/uploads\/2018\/03\/sperlonga-300x200.jpg 300w, https:\/\/www.sperlongaturismo.it\/wp-content\/uploads\/2018\/03\/sperlonga-768x512.jpg 768w, https:\/\/www.sperlongaturismo.it\/wp-content\/uploads\/2018\/03\/sperlonga-1024x683.jpg 1024w\" sizes=\"auto, (max-width: 635px) 100vw, 635px\" \/><\/a><\/li><li class='aviaccordion-slide aviaccordion-slide-3' style='left:50%' data-av-left='50'  itemscope=\"itemscope\" itemtype=\"https:\/\/schema.org\/CreativeWork\" ><a class='aviaccordion-slide-link noHover' href='https:\/\/www.sperlongaturismo.it\/it\/sperlonga\/' ><div class='aviaccordion-preview  av-accordion-text-center' style='width:25.1%'><div class='aviaccordion-preview-title-pos'><div class='aviaccordion-preview-title-wrap'><div class='aviaccordion-preview-title'><h3 class='aviaccordion-title  '  itemprop=\"headline\"  style='font-size:30px'>Cultura<\/h3><\/div><\/div><\/div><\/div><img loading=\"lazy\" decoding=\"async\" width=\"1210\" height=\"423\" src=\"https:\/\/www.sperlongaturismo.it\/wp-content\/uploads\/2018\/03\/museo-nazionale-archeologico-sperlonga-e1521697365917-1210x423.jpg\" class=\"aviaccordion-image\" alt=\"\" \/><\/a><\/li><li class='aviaccordion-slide aviaccordion-slide-4' style='left:75%' data-av-left='75'  itemscope=\"itemscope\" itemtype=\"https:\/\/schema.org\/CreativeWork\" ><a class='aviaccordion-slide-link noHover' href='https:\/\/www.sperlongaturismo.it\/it\/sperlonga\/' ><div class='aviaccordion-preview  av-accordion-text-center' style='width:25.1%'><div class='aviaccordion-preview-title-pos'><div class='aviaccordion-preview-title-wrap'><div class='aviaccordion-preview-title'><h3 class='aviaccordion-title  '  itemprop=\"headline\"  style='font-size:30px'>Turismo<\/h3><\/div><\/div><\/div><\/div><img loading=\"lazy\" decoding=\"async\" width=\"1210\" height=\"423\" src=\"https:\/\/www.sperlongaturismo.it\/wp-content\/uploads\/2016\/02\/travel-banner-cyan-2-1210x423.jpg\" class=\"aviaccordion-image\" alt=\"\" \/><\/a><\/li><\/ul><div class='aviaccordion-spacer' style='padding-bottom:34.95867768595%'><\/div><\/div>\n<div id='av_section_9'  class='avia-section alternate_color avia-section-large avia-no-border-styling  avia-bg-style-scroll  avia-builder-el-94  el_after_av_slideshow_accordion  avia-builder-el-last   container_wrap sidebar_right' style=' '  ><div class='container' ><div class='template-page content  av-content-small alpha units'><div class='post-entry post-entry-type-page post-entry-330'><div class='entry-content-wrapper clearfix'>\n<div  style='padding-bottom:20px; ' class='av-special-heading av-special-heading-h1  blockquote modern-quote modern-centered  avia-builder-el-95  el_before_av_one_fifth  avia-builder-el-first  '><div class ='av-subheading av-subheading_above  ' style='font-size:15px;'><p>Resta in contatto con noi!<\/p>\n<\/div><h1 class='av-special-heading-tag '  itemprop=\"headline\"  >Iscriviti alla nostra Newsletter<\/h1><div class='special-heading-border'><div class='special-heading-inner-border' ><\/div><\/div><\/div>\n<div class=\"flex_column av_one_fifth  flex_column_div av-zero-column-padding first  avia-builder-el-96  el_after_av_heading  el_before_av_three_fifth  \" style='border-radius:0px; '><\/div><div class=\"flex_column av_three_fifth  flex_column_div av-zero-column-padding   avia-builder-el-97  el_after_av_one_fifth  el_before_av_one_fifth  \" style='border-radius:0px; '><form action=\"https:\/\/www.sperlongaturismo.it\/it\/\" method=\"post\"  class=\"avia_ajax_form av-form-labels-hidden   avia-builder-el-98  avia-builder-el-no-sibling  av-centered-form   \" data-avia-form-id=\"1\" data-avia-redirect='' ><fieldset><p class='  first_form  form_element form_element_half' id='element_avia_1_1'><label for=\"avia_1_1\">Nome <abbr class=\"required\" title=\"richiesto\">*<\/abbr><\/label> <input name=\"avia_1_1\" class=\"text_input is_empty\" type=\"text\" id=\"avia_1_1\" value=\"\"  placeholder='Nome*'\/><\/p><p class='  form_element form_element_half' id='element_avia_2_1'><label for=\"avia_2_1\">E-Mail <abbr class=\"required\" title=\"richiesto\">*<\/abbr><\/label> <input name=\"avia_2_1\" class=\"text_input is_email\" type=\"text\" id=\"avia_2_1\" value=\"\"  placeholder='E-Mail*'\/><\/p><p class=\"hidden\"><input type=\"text\" name=\"avia_3_1\" class=\"hidden \" id=\"avia_3_1\" value=\"\" \/><\/p><p class='av_form_privacy_check av_contact_privacy_check first_form  form_element form_fullwidth' id='element_avia_4_1'>    <input  name=\"avia_4_1\" class=\"input_checkbox is_empty\" type=\"checkbox\" id=\"avia_4_1\" value=\"true\"\/><label class=\"input_checkbox_label\" for=\"avia_4_1\">Accetto i termini e le condizioni stabilite sulla <a href='https:\/\/www.sperlongaturismo.it\/it\/privacy-policy\/' target='_blank'>Privacy Policy<\/a> <abbr class=\"required\" title=\"richiesto\">*<\/abbr><\/label><\/p><p class=\"form_element \"><input type=\"hidden\" value=\"1\" name=\"avia_generated_form1\" \/><input type=\"submit\" value=\"Iscriviti\" class=\"button\"  data-sending-label=\"Invio\"\/><\/p><\/fieldset><\/form><div id=\"ajaxresponse_1\" class=\"ajaxresponse ajaxresponse_1 hidden\"><\/div><\/div><div class=\"flex_column av_one_fifth  flex_column_div av-zero-column-padding   avia-builder-el-99  el_after_av_three_fifth  avia-builder-el-last  \" style='border-radius:0px; '><\/div>\n<\/div><\/div><\/div><!-- close content main div --><\/div><\/div><div id='after_section_9'  class='main_color av_default_container_wrap container_wrap sidebar_right' style=' '  ><div class='container' ><div class='template-page content  av-content-small alpha units'><div class='post-entry post-entry-type-page post-entry-330'><div class='entry-content-wrapper clearfix'>\n","protected":false},"excerpt":{"rendered":"","protected":false},"author":1,"featured_media":0,"parent":0,"menu_order":0,"comment_status":"closed","ping_status":"open","template":"","meta":{"footnotes":""},"class_list":["post-330","page","type-page","status-publish","hentry"],"_links":{"self":[{"href":"https:\/\/www.sperlongaturismo.it\/it\/wp-json\/wp\/v2\/pages\/330","targetHints":{"allow":["GET"]}}],"collection":[{"href":"https:\/\/www.sperlongaturismo.it\/it\/wp-json\/wp\/v2\/pages"}],"about":[{"href":"https:\/\/www.sperlongaturismo.it\/it\/wp-json\/wp\/v2\/types\/page"}],"author":[{"embeddable":true,"href":"https:\/\/www.sperlongaturismo.it\/it\/wp-json\/wp\/v2\/users\/1"}],"replies":[{"embeddable":true,"href":"https:\/\/www.sperlongaturismo.it\/it\/wp-json\/wp\/v2\/comments?post=330"}],"version-history":[{"count":320,"href":"https:\/\/www.sperlongaturismo.it\/it\/wp-json\/wp\/v2\/pages\/330\/revisions"}],"predecessor-version":[{"id":5788,"href":"https:\/\/www.sperlongaturismo.it\/it\/wp-json\/wp\/v2\/pages\/330\/revisions\/5788"}],"wp:attachment":[{"href":"https:\/\/www.sperlongaturismo.it\/it\/wp-json\/wp\/v2\/media?parent=330"}],"curies":[{"name":"wp","href":"https:\/\/api.w.org\/{rel}","templated":true}]}}